{"id":2,"date":"2016-05-10T03:48:21","date_gmt":"2016-05-10T03:48:21","guid":{"rendered":"http:\/\/psychotherapie-vogt.net\/?page_id=2"},"modified":"2023-02-16T17:43:54","modified_gmt":"2023-02-16T17:43:54","slug":"sample-page","status":"publish","type":"page","link":"https:\/\/psychotherapie-vogt.net\/","title":{"rendered":"Fach\u00e4rztin f\u00fcr Psychosomatik und Psychotherapie"},"content":{"rendered":"\n<p><strong>Privatpraxis f\u00fcr Psychotherapie<\/strong> (Verhaltenstherapie, Hypnotherapie)<\/p>\n\n\n\n<p><\/p>\n\n\n\n<div class=\"wp-block-media-text alignwide is-stacked-on-mobile is-vertically-aligned-top\" style=\"grid-template-columns:42% auto\"><figure class=\"wp-block-media-text__media\"><img loading=\"lazy\" decoding=\"async\" width=\"180\" height=\"300\" src=\"http:\/\/psychotherapie-vogt.net\/wp-content\/uploads\/2023\/02\/helen-vogt-2023-180x300.jpg\" alt=\"\" class=\"wp-image-63 size-medium\" srcset=\"https:\/\/psychotherapie-vogt.net\/wp-content\/uploads\/2023\/02\/helen-vogt-2023-180x300.jpg 180w, https:\/\/psychotherapie-vogt.net\/wp-content\/uploads\/2023\/02\/helen-vogt-2023-615x1024.jpg 615w, https:\/\/psychotherapie-vogt.net\/wp-content\/uploads\/2023\/02\/helen-vogt-2023-768x1279.jpg 768w, https:\/\/psychotherapie-vogt.net\/wp-content\/uploads\/2023\/02\/helen-vogt-2023-923x1536.jpg 923w, https:\/\/psychotherapie-vogt.net\/wp-content\/uploads\/2023\/02\/helen-vogt-2023-1230x2048.jpg 1230w, https:\/\/psychotherapie-vogt.net\/wp-content\/uploads\/2023\/02\/helen-vogt-2023-145x241.jpg 145w, https:\/\/psychotherapie-vogt.net\/wp-content\/uploads\/2023\/02\/helen-vogt-2023-286x476.jpg 286w, https:\/\/psychotherapie-vogt.net\/wp-content\/uploads\/2023\/02\/helen-vogt-2023-846x1409.jpg 846w, https:\/\/psychotherapie-vogt.net\/wp-content\/uploads\/2023\/02\/helen-vogt-2023-scaled.jpg 1538w\" sizes=\"auto, (max-width: 957px) 88vw, (max-width: 1199px) 77vw, (max-width: 1397px) 61vw, 846px\" \/><\/figure><div class=\"wp-block-media-text__content\">\n<p><strong>Zentrum f\u00fcr Neurodivergenz:&nbsp;<\/strong><\/p>\n\n\n\n<p>Diagnostik&nbsp; von Autismusspektrumst\u00f6rungen und ADHS im Erwachsenenalter&nbsp;<\/p>\n\n\n\n<p>Psychoedukation und Unterst\u00fctzung bei der Entwicklung gesundheitsf\u00f6rderlicher Erlebens- und Verhaltensweisen im Umgang mit den Besonderheiten und Einschr\u00e4nkungen bei neurodivergenten Menschen<\/p>\n\n\n\n<p>Familien-\/Paar-\/ Angeh\u00f6rigengespr\u00e4che mit Wissensvermittlung, F\u00f6rderung des Perspektivenwechsels und Unterst\u00fctzung bei der L\u00f6sungsfindung in vorhandenen Konfliktfeldern&nbsp;<\/p>\n\n\n\n<p>Psychoedukation, Beratung und ggf Einleitung einer medikament\u00f6sen Therapie bei diagnostisch gesicherter ADHS mit mittlerer bis schwerer Beeintr\u00e4chtigung der Lebensqualit\u00e4t.<\/p>\n<\/div><\/div>\n\n\n\n<p><\/p>\n\n\n\n<p>Privatpatienten und Selbstzahler.<\/p>\n\n\n\n<p>Praxisstandort in 66793 Saarwellingen.<\/p>\n\n\n\n<p>Email:&nbsp;<a href=\"mailto:info@psychotherapie-vogt.net\" target=\"_blank\" rel=\"noreferrer noopener\">info@psychotherapie-vogt.net<\/a><\/p>\n\n\n\n<p>Telefonnummer: 068385156963<\/p>\n\n\n\n<p><\/p>\n","protected":false},"excerpt":{"rendered":"<p>Privatpraxis f\u00fcr Psychotherapie (Verhaltenstherapie, Hypnotherapie) Zentrum f\u00fcr Neurodivergenz:&nbsp; Diagnostik&nbsp; von Autismusspektrumst\u00f6rungen und ADHS im Erwachsenenalter&nbsp; Psychoedukation und Unterst\u00fctzung bei der Entwicklung gesundheitsf\u00f6rderlicher Erlebens- und Verhaltensweisen im Umgang mit den Besonderheiten und Einschr\u00e4nkungen bei neurodivergenten Menschen Familien-\/Paar-\/ Angeh\u00f6rigengespr\u00e4che mit Wissensvermittlung, F\u00f6rderung\u2026<\/p>\n","protected":false},"author":1,"featured_media":0,"parent":0,"menu_order":0,"comment_status":"closed","ping_status":"closed","template":"","meta":{"footnotes":""},"class_list":["post-2","page","type-page","status-publish","hentry"],"yoast_head":"<!-- This site is optimized with the Yoast SEO plugin v27.5 - https:\/\/yoast.com\/product\/yoast-seo-wordpress\/ -->\n<title>Fach\u00e4rztin f\u00fcr Psychosomatik und Psychotherapie - Privatpraxis f\u00fcr Psychotherapie - Helen Vogt<\/title>\n<meta name=\"description\" content=\"Privatpraxis f\u00fcr Psychotherapie in Saarwellingen im Saarland.\" \/>\n<meta name=\"robots\" content=\"index, follow, max-snippet:-1, max-image-preview:large, max-video-preview:-1\" \/>\n<link rel=\"canonical\" href=\"https:\/\/psychotherapie-vogt.net\/\" \/>\n<meta property=\"og:locale\" content=\"de_DE\" \/>\n<meta property=\"og:type\" content=\"article\" \/>\n<meta property=\"og:title\" content=\"Fach\u00e4rztin f\u00fcr Psychosomatik und Psychotherapie - Privatpraxis f\u00fcr Psychotherapie - Helen Vogt\" \/>\n<meta property=\"og:description\" content=\"Privatpraxis f\u00fcr Psychotherapie in Saarwellingen im Saarland.\" \/>\n<meta property=\"og:url\" content=\"https:\/\/psychotherapie-vogt.net\/\" \/>\n<meta property=\"og:site_name\" content=\"Privatpraxis f\u00fcr Psychotherapie - Helen Vogt\" \/>\n<meta property=\"article:modified_time\" content=\"2023-02-16T17:43:54+00:00\" \/>\n<meta property=\"og:image\" content=\"http:\/\/psychotherapie-vogt.net\/wp-content\/uploads\/2023\/02\/helen-vogt-2023-180x300.jpg\" \/>\n<meta name=\"twitter:card\" content=\"summary_large_image\" \/>\n<meta name=\"twitter:label1\" content=\"Gesch\u00e4tzte Lesezeit\" \/>\n\t<meta name=\"twitter:data1\" content=\"1\u00a0Minute\" \/>\n<script type=\"application\/ld+json\" class=\"yoast-schema-graph\">{\"@context\":\"https:\\\/\\\/schema.org\",\"@graph\":[{\"@type\":\"WebPage\",\"@id\":\"https:\\\/\\\/psychotherapie-vogt.net\\\/\",\"url\":\"https:\\\/\\\/psychotherapie-vogt.net\\\/\",\"name\":\"Fach\u00e4rztin f\u00fcr Psychosomatik und Psychotherapie - Privatpraxis f\u00fcr Psychotherapie - Helen Vogt\",\"isPartOf\":{\"@id\":\"https:\\\/\\\/psychotherapie-vogt.net\\\/#website\"},\"primaryImageOfPage\":{\"@id\":\"https:\\\/\\\/psychotherapie-vogt.net\\\/#primaryimage\"},\"image\":{\"@id\":\"https:\\\/\\\/psychotherapie-vogt.net\\\/#primaryimage\"},\"thumbnailUrl\":\"http:\\\/\\\/psychotherapie-vogt.net\\\/wp-content\\\/uploads\\\/2023\\\/02\\\/helen-vogt-2023-180x300.jpg\",\"datePublished\":\"2016-05-10T03:48:21+00:00\",\"dateModified\":\"2023-02-16T17:43:54+00:00\",\"description\":\"Privatpraxis f\u00fcr Psychotherapie in Saarwellingen im Saarland.\",\"breadcrumb\":{\"@id\":\"https:\\\/\\\/psychotherapie-vogt.net\\\/#breadcrumb\"},\"inLanguage\":\"de\",\"potentialAction\":[{\"@type\":\"ReadAction\",\"target\":[\"https:\\\/\\\/psychotherapie-vogt.net\\\/\"]}]},{\"@type\":\"ImageObject\",\"inLanguage\":\"de\",\"@id\":\"https:\\\/\\\/psychotherapie-vogt.net\\\/#primaryimage\",\"url\":\"http:\\\/\\\/psychotherapie-vogt.net\\\/wp-content\\\/uploads\\\/2023\\\/02\\\/helen-vogt-2023-180x300.jpg\",\"contentUrl\":\"http:\\\/\\\/psychotherapie-vogt.net\\\/wp-content\\\/uploads\\\/2023\\\/02\\\/helen-vogt-2023-180x300.jpg\"},{\"@type\":\"BreadcrumbList\",\"@id\":\"https:\\\/\\\/psychotherapie-vogt.net\\\/#breadcrumb\",\"itemListElement\":[{\"@type\":\"ListItem\",\"position\":1,\"name\":\"Startseite\",\"item\":\"https:\\\/\\\/psychotherapie-vogt.net\\\/\"},{\"@type\":\"ListItem\",\"position\":2,\"name\":\"Fach\u00e4rztin f\u00fcr Psychosomatik und Psychotherapie\"}]},{\"@type\":\"WebSite\",\"@id\":\"https:\\\/\\\/psychotherapie-vogt.net\\\/#website\",\"url\":\"https:\\\/\\\/psychotherapie-vogt.net\\\/\",\"name\":\"Privatpraxis f\u00fcr Psychotherapie - Helen Vogt\",\"description\":\"\",\"publisher\":{\"@id\":\"https:\\\/\\\/psychotherapie-vogt.net\\\/#organization\"},\"potentialAction\":[{\"@type\":\"SearchAction\",\"target\":{\"@type\":\"EntryPoint\",\"urlTemplate\":\"https:\\\/\\\/psychotherapie-vogt.net\\\/?s={search_term_string}\"},\"query-input\":{\"@type\":\"PropertyValueSpecification\",\"valueRequired\":true,\"valueName\":\"search_term_string\"}}],\"inLanguage\":\"de\"},{\"@type\":\"Organization\",\"@id\":\"https:\\\/\\\/psychotherapie-vogt.net\\\/#organization\",\"name\":\"Privatpraxis f\u00fcr Psychotherapie - Helen Vogt\",\"url\":\"https:\\\/\\\/psychotherapie-vogt.net\\\/\",\"logo\":{\"@type\":\"ImageObject\",\"inLanguage\":\"de\",\"@id\":\"https:\\\/\\\/psychotherapie-vogt.net\\\/#\\\/schema\\\/logo\\\/image\\\/\",\"url\":\"https:\\\/\\\/psychotherapie-vogt.net\\\/wp-content\\\/uploads\\\/2023\\\/02\\\/cropped-logo-helen-2023-2-scaled-1.jpg\",\"contentUrl\":\"https:\\\/\\\/psychotherapie-vogt.net\\\/wp-content\\\/uploads\\\/2023\\\/02\\\/cropped-logo-helen-2023-2-scaled-1.jpg\",\"width\":704,\"height\":200,\"caption\":\"Privatpraxis f\u00fcr Psychotherapie - Helen Vogt\"},\"image\":{\"@id\":\"https:\\\/\\\/psychotherapie-vogt.net\\\/#\\\/schema\\\/logo\\\/image\\\/\"}}]}<\/script>\n<!-- \/ Yoast SEO plugin. -->","yoast_head_json":{"title":"Fach\u00e4rztin f\u00fcr Psychosomatik und Psychotherapie - Privatpraxis f\u00fcr Psychotherapie - Helen Vogt","description":"Privatpraxis f\u00fcr Psychotherapie in Saarwellingen im Saarland.","robots":{"index":"index","follow":"follow","max-snippet":"max-snippet:-1","max-image-preview":"max-image-preview:large","max-video-preview":"max-video-preview:-1"},"canonical":"https:\/\/psychotherapie-vogt.net\/","og_locale":"de_DE","og_type":"article","og_title":"Fach\u00e4rztin f\u00fcr Psychosomatik und Psychotherapie - Privatpraxis f\u00fcr Psychotherapie - Helen Vogt","og_description":"Privatpraxis f\u00fcr Psychotherapie in Saarwellingen im Saarland.","og_url":"https:\/\/psychotherapie-vogt.net\/","og_site_name":"Privatpraxis f\u00fcr Psychotherapie - Helen Vogt","article_modified_time":"2023-02-16T17:43:54+00:00","og_image":[{"url":"http:\/\/psychotherapie-vogt.net\/wp-content\/uploads\/2023\/02\/helen-vogt-2023-180x300.jpg","type":"","width":"","height":""}],"twitter_card":"summary_large_image","twitter_misc":{"Gesch\u00e4tzte Lesezeit":"1\u00a0Minute"},"schema":{"@context":"https:\/\/schema.org","@graph":[{"@type":"WebPage","@id":"https:\/\/psychotherapie-vogt.net\/","url":"https:\/\/psychotherapie-vogt.net\/","name":"Fach\u00e4rztin f\u00fcr Psychosomatik und Psychotherapie - Privatpraxis f\u00fcr Psychotherapie - Helen Vogt","isPartOf":{"@id":"https:\/\/psychotherapie-vogt.net\/#website"},"primaryImageOfPage":{"@id":"https:\/\/psychotherapie-vogt.net\/#primaryimage"},"image":{"@id":"https:\/\/psychotherapie-vogt.net\/#primaryimage"},"thumbnailUrl":"http:\/\/psychotherapie-vogt.net\/wp-content\/uploads\/2023\/02\/helen-vogt-2023-180x300.jpg","datePublished":"2016-05-10T03:48:21+00:00","dateModified":"2023-02-16T17:43:54+00:00","description":"Privatpraxis f\u00fcr Psychotherapie in Saarwellingen im Saarland.","breadcrumb":{"@id":"https:\/\/psychotherapie-vogt.net\/#breadcrumb"},"inLanguage":"de","potentialAction":[{"@type":"ReadAction","target":["https:\/\/psychotherapie-vogt.net\/"]}]},{"@type":"ImageObject","inLanguage":"de","@id":"https:\/\/psychotherapie-vogt.net\/#primaryimage","url":"http:\/\/psychotherapie-vogt.net\/wp-content\/uploads\/2023\/02\/helen-vogt-2023-180x300.jpg","contentUrl":"http:\/\/psychotherapie-vogt.net\/wp-content\/uploads\/2023\/02\/helen-vogt-2023-180x300.jpg"},{"@type":"BreadcrumbList","@id":"https:\/\/psychotherapie-vogt.net\/#breadcrumb","itemListElement":[{"@type":"ListItem","position":1,"name":"Startseite","item":"https:\/\/psychotherapie-vogt.net\/"},{"@type":"ListItem","position":2,"name":"Fach\u00e4rztin f\u00fcr Psychosomatik und Psychotherapie"}]},{"@type":"WebSite","@id":"https:\/\/psychotherapie-vogt.net\/#website","url":"https:\/\/psychotherapie-vogt.net\/","name":"Privatpraxis f\u00fcr Psychotherapie - Helen Vogt","description":"","publisher":{"@id":"https:\/\/psychotherapie-vogt.net\/#organization"},"potentialAction":[{"@type":"SearchAction","target":{"@type":"EntryPoint","urlTemplate":"https:\/\/psychotherapie-vogt.net\/?s={search_term_string}"},"query-input":{"@type":"PropertyValueSpecification","valueRequired":true,"valueName":"search_term_string"}}],"inLanguage":"de"},{"@type":"Organization","@id":"https:\/\/psychotherapie-vogt.net\/#organization","name":"Privatpraxis f\u00fcr Psychotherapie - Helen Vogt","url":"https:\/\/psychotherapie-vogt.net\/","logo":{"@type":"ImageObject","inLanguage":"de","@id":"https:\/\/psychotherapie-vogt.net\/#\/schema\/logo\/image\/","url":"https:\/\/psychotherapie-vogt.net\/wp-content\/uploads\/2023\/02\/cropped-logo-helen-2023-2-scaled-1.jpg","contentUrl":"https:\/\/psychotherapie-vogt.net\/wp-content\/uploads\/2023\/02\/cropped-logo-helen-2023-2-scaled-1.jpg","width":704,"height":200,"caption":"Privatpraxis f\u00fcr Psychotherapie - Helen Vogt"},"image":{"@id":"https:\/\/psychotherapie-vogt.net\/#\/schema\/logo\/image\/"}}]}},"_links":{"self":[{"href":"https:\/\/psychotherapie-vogt.net\/index.php?rest_route=\/wp\/v2\/pages\/2","targetHints":{"allow":["GET"]}}],"collection":[{"href":"https:\/\/psychotherapie-vogt.net\/index.php?rest_route=\/wp\/v2\/pages"}],"about":[{"href":"https:\/\/psychotherapie-vogt.net\/index.php?rest_route=\/wp\/v2\/types\/page"}],"author":[{"embeddable":true,"href":"https:\/\/psychotherapie-vogt.net\/index.php?rest_route=\/wp\/v2\/users\/1"}],"replies":[{"embeddable":true,"href":"https:\/\/psychotherapie-vogt.net\/index.php?rest_route=%2Fwp%2Fv2%2Fcomments&post=2"}],"version-history":[{"count":41,"href":"https:\/\/psychotherapie-vogt.net\/index.php?rest_route=\/wp\/v2\/pages\/2\/revisions"}],"predecessor-version":[{"id":98,"href":"https:\/\/psychotherapie-vogt.net\/index.php?rest_route=\/wp\/v2\/pages\/2\/revisions\/98"}],"wp:attachment":[{"href":"https:\/\/psychotherapie-vogt.net\/index.php?rest_route=%2Fwp%2Fv2%2Fmedia&parent=2"}],"curies":[{"name":"wp","href":"https:\/\/api.w.org\/{rel}","templated":true}]}}